{"id":1593,"date":"2024-11-08T11:24:02","date_gmt":"2024-11-08T11:24:02","guid":{"rendered":"https:\/\/iqgreen.hu\/?page_id=1593"},"modified":"2024-11-08T11:29:52","modified_gmt":"2024-11-08T11:29:52","slug":"elementor-1593","status":"publish","type":"page","link":"https:\/\/iqgreen.hu\/en\/elementor-1593\/","title":{"rendered":"Privacy notice"},"content":{"rendered":"<div data-elementor-type=\"wp-page\" data-elementor-id=\"1593\" class=\"elementor elementor-1593\">\n\t\t\t\t\t\t<section class=\"elementor-section elementor-top-section elementor-element elementor-element-2e0bf33 elementor-section-boxed elementor-section-height-default elementor-section-height-default\" data-id=\"2e0bf33\" data-element_type=\"section\">\n\t\t\t\t\t\t<div class=\"elementor-container elementor-column-gap-default\">\n\t\t\t\t\t<div class=\"elementor-column elementor-col-100 elementor-top-column elementor-element elementor-element-6914687\" data-id=\"6914687\" data-element_type=\"column\">\n\t\t\t<div class=\"elementor-widget-wrap elementor-element-populated\">\n\t\t\t\t\t\t<div class=\"elementor-element elementor-element-14fecb6 elementor-widget elementor-widget-text-editor\" data-id=\"14fecb6\" data-element_type=\"widget\" data-widget_type=\"text-editor.default\">\n\t\t\t\t<div class=\"elementor-widget-container\">\n\t\t\t<style>\/*! elementor - v3.23.0 - 25-07-2024 *\/\n.elementor-widget-text-editor.elementor-drop-cap-view-stacked .elementor-drop-cap{background-color:#69727d;color:#fff}.elementor-widget-text-editor.elementor-drop-cap-view-framed .elementor-drop-cap{color:#69727d;border:3px solid;background-color:transparent}.elementor-widget-text-editor:not(.elementor-drop-cap-view-default) .elementor-drop-cap{margin-top:8px}.elementor-widget-text-editor:not(.elementor-drop-cap-view-default) .elementor-drop-cap-letter{width:1em;height:1em}.elementor-widget-text-editor .elementor-drop-cap{float:left;text-align:center;line-height:1;font-size:50px}.elementor-widget-text-editor .elementor-drop-cap-letter{display:inline-block}<\/style>\t\t\t\t<p style=\"font-weight: 400;\"><strong>ADATKEZEL\u00c9SI T\u00c1J\u00c9KOZTAT\u00d3<\/strong><\/p><p style=\"font-weight: 400;\"><strong>\u00a0<\/strong><\/p><ol><li style=\"font-weight: 400;\"><strong> A SZAB\u00c1LYZAT C\u00c9LJA<\/strong><\/li><\/ol><p style=\"font-weight: 400;\">A(z) <strong>IQ Green Kft. <\/strong>mint adatkezel\u0151 a jelen adatkezel\u00e9si t\u00e1j\u00e9koztat\u00f3ban ismerteti az \u00e1ltala alkalmazott adatv\u00e9delmi \u00e9s adatkezel\u00e9si elveket valamint az adatv\u00e9delmi \u00e9s adatkezel\u00e9si politik\u00e1j\u00e1t. A(z) IQ Green Kft. az \u00e1ltala ny\u00fajtott szolg\u00e1ltat\u00e1sok minden ter\u00fclet\u00e9n, tiszteletben tartja a term\u00e9szetes szem\u00e9lyek szem\u00e9lyes adatainak kezel\u00e9s\u00e9vel \u00f6sszef\u00fcgg\u0151 \u00e9s v\u00e9delm\u00e9hez kapcsol\u00f3d\u00f3 elveket \u00e9s szab\u00e1lyokat.<\/p><p style=\"font-weight: 400;\">C\u00e9g\u00fcnk a: www. iqgreen.hu weboldalakhoz kapcsol\u00f3d\u00f3an megrendel\u0151ink, valamint az internetes oldalainkat haszn\u00e1l\u00f3k (tov\u00e1bbiakban egy\u00fcttesen: Felhaszn\u00e1l\u00f3k) adatait kezelj\u00fck. Adatv\u00e9delmi Szab\u00e1lyzatunk elk\u00e9sz\u00edt\u00e9sekor k\u00fcl\u00f6n\u00f6s tekintettel voltunk az Eur\u00f3pai Parlamentnek \u00e9s a Tan\u00e1csnak a term\u00e9szetes szem\u00e9lyeknek a szem\u00e9lyes adatok kezel\u00e9se tekintet\u00e9ben t\u00f6rt\u00e9n\u0151 v\u00e9delm\u00e9r\u0151l \u00e9s az ilyen adatok szabad \u00e1raml\u00e1s\u00e1r\u00f3l sz\u00f3l\u00f3 2016\/679 sz\u00e1m\u00fa rendelet\u00e9re (\u00e1ltal\u00e1nos adatv\u00e9delmi rendelet \u2013 tov\u00e1bbiakban: GDPR), valamint az inform\u00e1ci\u00f3s \u00f6nrendelkez\u00e9si jogr\u00f3l \u00e9s az inform\u00e1ci\u00f3szabads\u00e1gr\u00f3l sz\u00f3l\u00f3 2011. \u00e9vi CXII. t\u00f6rv\u00e9nyre (tov\u00e1bbiakban: Infotv.). Az \u00e1ltalunk kezelt, illet\u0151leg feldolgozott szem\u00e9lyes adatokat v\u00e9dj\u00fck a jogosulatlan hozz\u00e1f\u00e9r\u00e9s, megv\u00e1ltoztat\u00e1s, tov\u00e1bb\u00edt\u00e1s, nyilv\u00e1noss\u00e1gra hozatal, t\u00f6rl\u00e9s vagy megsemmis\u00edt\u00e9s, v\u00e9letlen megsemmis\u00fcl\u00e9s \u00e9s s\u00e9r\u00fcl\u00e9s, valamint az alkalmazott technika megv\u00e1ltoz\u00e1s\u00e1b\u00f3l fakad\u00f3 hozz\u00e1f\u00e9rhetetlenn\u00e9 v\u00e1l\u00e1s ellen. Az elektronikusan kezelt adat\u00e1llom\u00e1nyok v\u00e9delme \u00e9rdek\u00e9ben megfelel\u0151 technikai megold\u00e1ssal biztos\u00edtjuk, hogy a v\u00e1llalkoz\u00e1sunk nyilv\u00e1ntart\u00e1saiban kezelt adatokat &#8211; kiv\u00e9ve, ha azt t\u00f6rv\u00e9ny k\u00fcl\u00f6n elrendeli &#8211; k\u00f6zvetlen\u00fcl ne legyenek \u00f6sszekapcsolhat\u00f3k \u00e9s az \u00e9rintetthez rendelhet\u0151k. Adatkezel\u00e9si Szab\u00e1lyzatunkat a m\u00f3dosul\u00f3 jogszab\u00e1lyok figyelembev\u00e9tel\u00e9vel folyamatosan m\u00f3dos\u00edtjuk. A Szab\u00e1lyzat mindenkor hat\u00e1lyos v\u00e1ltozata el\u00e9rhet\u0151 sz\u00e9khely\u00fcnk\u00f6n. (9200 Mosonmagyar\u00f3v\u00e1r, Ligetsor 52\/1.)<\/p><p style=\"font-weight: 400;\">\u00a0<\/p><ol start=\"2\"><li style=\"font-weight: 400;\"><strong> A T\u00c1RSAS\u00c1G, MINT ADATKEZEL\u0150 ADATAI<\/strong><\/li><\/ol><p style=\"font-weight: 400;\">\u00a0<\/p><table style=\"font-weight: 400;\"><tbody><tr><td width=\"179\"><p>C\u00e9g neve<\/p><\/td><td width=\"425\"><p>IQ Green Kft.<\/p><\/td><\/tr><tr><td width=\"179\"><p>\u00dcgyvezet\u0151<\/p><\/td><td width=\"425\"><p>Nagy Lajos<\/p><\/td><\/tr><tr><td width=\"179\"><p>Sz\u00e9khely<\/p><\/td><td width=\"425\"><p>9200 Mosonmagyar\u00f3v\u00e1r, Ligetsor 52\/1.<\/p><\/td><\/tr><tr><td width=\"179\"><p>Telephely<\/p><\/td><td width=\"425\"><p>9200 Mosonmagyar\u00f3v\u00e1r, Ligetsor 52\/1.<\/p><\/td><\/tr><tr><td width=\"179\"><p>Fi\u00f3ktelep<\/p><\/td><td width=\"425\"><p>9200 Mosonmagyar\u00f3v\u00e1r, Ligetsor 52\/1.<\/p><\/td><\/tr><tr><td width=\"179\"><p>C\u00e9gjegyz\u00e9ksz\u00e1m<\/p><\/td><td width=\"425\"><p>08-09-020113<\/p><\/td><\/tr><tr><td width=\"179\"><p>Tax number<\/p><\/td><td width=\"425\"><p>22734390-2-08<\/p><\/td><\/tr><tr><td width=\"179\"><p>Nyilv\u00e1ntart\u00f3 c\u00e9gb\u00edr\u00f3s\u00e1g<\/p><\/td><td width=\"425\"><p><span class=\"LEwnzc Sqrs4e\" style=\"font-family: Arial, sans-serif; font-size: 14px;\">\u00a0<\/span><span style=\"caret-color: #bfbfbf; color: #bfbfbf; font-family: Arial, sans-serif; font-size: 14px;\"><span style=\"font-weight: bold; color: #bcc0c3;\">Gy\u0151ri T\u00f6rv\u00e9nysz\u00e9k C\u00e9gb\u00edr\u00f3s\u00e1ga<\/span><\/span><\/p><\/td><\/tr><tr><td width=\"179\"><p>K\u00f6zponti email c\u00edm<\/p><\/td><td width=\"425\"><p>green@iqgreen.hu<\/p><\/td><\/tr><tr><td width=\"179\"><p>Phone number<\/p><\/td><td width=\"425\"><p>+36\u00a030 925 3038<\/p><\/td><\/tr><\/tbody><\/table><p style=\"font-weight: 400;\"><strong>\u00a0<\/strong><\/p><p style=\"font-weight: 400;\"><strong>\u00a0<\/strong><\/p><p style=\"font-weight: 400;\"><strong>\u00a0<\/strong><\/p><ol start=\"3\"><li style=\"font-weight: 400;\"><strong> AZ ADATV\u00c9DELMI T\u00c1J\u00c9KOZTAT\u00d3BAN MEGJELEN\u0150 ALAPFOGALMAK<\/strong><\/li><\/ol><p style=\"font-weight: 400;\"><strong>\u00a0<\/strong><\/p><p style=\"font-weight: 400;\">3.1.GDPR-BEN SZEREPL\u0150 FOGALMAK<\/p><p style=\"font-weight: 400;\"><strong><em><u>\u201e\u00e9rintett\u201d<\/u><\/em><\/strong><strong><em>:<\/em><\/strong> azonos\u00edtott vagy azonos\u00edthat\u00f3 term\u00e9szetes szem\u00e9ly;<\/p><p style=\"font-weight: 400;\"><strong><em><u>\u201eszem\u00e9lyes adat\u201d<\/u><\/em><\/strong><strong><em>:<\/em><\/strong> azonos\u00edtott vagy azonos\u00edthat\u00f3 term\u00e9szetes szem\u00e9lyre (\u201e\u00e9rintett\u201d) vonatkoz\u00f3 b\u00e1rmely inform\u00e1ci\u00f3; azonos\u00edthat\u00f3 az a term\u00e9szetes szem\u00e9ly, aki k\u00f6zvetlen vagy k\u00f6zvetett m\u00f3don, k\u00fcl\u00f6n\u00f6sen valamely azonos\u00edt\u00f3, p\u00e9ld\u00e1ul n\u00e9v, sz\u00e1m, helymeghat\u00e1roz\u00f3 adat, online azonos\u00edt\u00f3 vagy a term\u00e9szetes szem\u00e9ly testi, fiziol\u00f3giai, genetikai, szellemi, gazdas\u00e1gi, kultur\u00e1lis vagy szoci\u00e1lis azonoss\u00e1g\u00e1ra vonatkoz\u00f3 egy vagy t\u00f6bb t\u00e9nyez\u0151 alapj\u00e1n azonos\u00edthat\u00f3;<\/p><p style=\"font-weight: 400;\"><strong><em><u>\u201eadatkezel\u00e9s\u201d:<\/u><\/em><\/strong> a szem\u00e9lyes adatokon vagy adat\u00e1llom\u00e1nyokon automatiz\u00e1lt vagy nem automatiz\u00e1lt m\u00f3don v\u00e9gzett b\u00e1rmely m\u0171velet vagy m\u0171veletek \u00f6sszess\u00e9ge, \u00edgy a gy\u0171jt\u00e9s, r\u00f6gz\u00edt\u00e9s, rendszerez\u00e9s, tagol\u00e1s, t\u00e1rol\u00e1s, \u00e1talak\u00edt\u00e1s vagy megv\u00e1ltoztat\u00e1s, lek\u00e9rdez\u00e9s, betekint\u00e9s, felhaszn\u00e1l\u00e1s, k\u00f6zl\u00e9s tov\u00e1bb\u00edt\u00e1s, terjeszt\u00e9s vagy egy\u00e9b m\u00f3don t\u00f6rt\u00e9n\u0151 hozz\u00e1f\u00e9rhet\u0151v\u00e9 t\u00e9tel \u00fatj\u00e1n, \u00f6sszehangol\u00e1s vagy \u00f6sszekapcsol\u00e1s, korl\u00e1toz\u00e1s, t\u00f6rl\u00e9s, illetve megsemmis\u00edt\u00e9s;<\/p><p style=\"font-weight: 400;\"><strong><em><u>\u201eaz adatkezel\u00e9s korl\u00e1toz\u00e1sa\u201d:<\/u><\/em><\/strong> a t\u00e1rolt szem\u00e9lyes adatok megjel\u00f6l\u00e9se j\u00f6v\u0151beli kezel\u00e9s\u00fck korl\u00e1toz\u00e1sa c\u00e9lj\u00e1b\u00f3l;<\/p><p style=\"font-weight: 400;\"><strong><em><u>\u201eprofilalkot\u00e1s\u201d:<\/u><\/em><\/strong> szem\u00e9lyes adatok automatiz\u00e1lt kezel\u00e9s\u00e9nek b\u00e1rmely olyan form\u00e1ja, amelynek sor\u00e1n a szem\u00e9lyes adatokat valamely term\u00e9szetes szem\u00e9lyhez f\u0171z\u0151d\u0151 bizonyos szem\u00e9lyes jellemz\u0151k \u00e9rt\u00e9kel\u00e9s\u00e9re, k\u00fcl\u00f6n\u00f6sen a munkahelyi teljes\u00edtm\u00e9nyhez, gazdas\u00e1gi helyzethez, eg\u00e9szs\u00e9gi \u00e1llapothoz, szem\u00e9lyes preferenci\u00e1khoz, \u00e9rdekl\u0151d\u00e9shez, megb\u00edzhat\u00f3s\u00e1ghoz, viselked\u00e9shez, tart\u00f3zkod\u00e1si helyhez vagy mozg\u00e1shoz kapcsol\u00f3d\u00f3 jellemz\u0151k elemz\u00e9s\u00e9re vagy el\u0151rejelz\u00e9s\u00e9re haszn\u00e1lj\u00e1k;<\/p><p style=\"font-weight: 400;\"><strong><em><u>\u201enyilv\u00e1ntart\u00e1si rendszer\u201d:<\/u><\/em><\/strong> a szem\u00e9lyes adatok b\u00e1rmely m\u00f3don &#8211; centraliz\u00e1lt, decentraliz\u00e1lt vagy funkcion\u00e1lis vagy f\u00f6ldrajzi szempontok szerint &#8211; tagolt \u00e1llom\u00e1nya, amely meghat\u00e1rozott ism\u00e9rvek alapj\u00e1n hozz\u00e1f\u00e9rhet\u0151;<\/p><p style=\"font-weight: 400;\"><strong><em><u>\u201eadatkezel\u0151\u201d:<\/u><\/em><\/strong> az a term\u00e9szetes vagy jogi szem\u00e9ly, k\u00f6zhatalmi szerv, \u00fcgyn\u00f6ks\u00e9g vagy b\u00e1rmely egy\u00e9b szerv, amely a szem\u00e9lyes adatok kezel\u00e9s\u00e9nek c\u00e9ljait \u00e9s eszk\u00f6zeit \u00f6n\u00e1ll\u00f3an vagy m\u00e1sokkal egy\u00fctt meghat\u00e1rozza; ha az adatkezel\u00e9s c\u00e9ljait \u00e9s eszk\u00f6zeit az uni\u00f3s vagy a tag\u00e1llami jog hat\u00e1rozza meg, az adatkezel\u0151t vagy az adatkezel\u0151 kijel\u00f6l\u00e9s\u00e9re vonatkoz\u00f3 k\u00fcl\u00f6n\u00f6s szempontokat az uni\u00f3s vagy a tag\u00e1llami jog is meghat\u00e1rozhatja;<\/p><p style=\"font-weight: 400;\"><strong><em><u>\u201eadatfeldolgoz\u00f3\u201d<\/u><\/em><\/strong><strong><u>:<\/u><\/strong> az a term\u00e9szetes vagy jogi szem\u00e9ly, k\u00f6zhatalmi szerv, \u00fcgyn\u00f6ks\u00e9g vagy b\u00e1rmely egy\u00e9b szerv, amely az adatkezel\u0151 nev\u00e9ben szem\u00e9lyes adatokat kezel;<\/p><p style=\"font-weight: 400;\"><strong><em><u>\u201ec\u00edmzett\u201d:<\/u><\/em><\/strong> az a term\u00e9szetes vagy jogi szem\u00e9ly, k\u00f6zhatalmi szerv, \u00fcgyn\u00f6ks\u00e9g vagy b\u00e1rmely egy\u00e9b szerv, akivel vagy amellyel a szem\u00e9lyes adatot k\u00f6zlik, f\u00fcggetlen\u00fcl att\u00f3l, hogy harmadik f\u00e9l-e. Azon k\u00f6zhatalmi szervek, amelyek egy egyedi vizsg\u00e1lat keret\u00e9ben az uni\u00f3s vagy a tag\u00e1llami joggal \u00f6sszhangban f\u00e9rhetnek hozz\u00e1 szem\u00e9lyes adatokhoz, nem min\u0151s\u00fclnek c\u00edmzettnek; az eml\u00edtett adatok e k\u00f6zhatalmi szervek \u00e1ltali kezel\u00e9se meg kell, hogy feleljen az adatkezel\u00e9s c\u00e9ljainak megfelel\u0151en az alkalmazand\u00f3 adatv\u00e9delmi szab\u00e1lyoknak;<\/p><p style=\"font-weight: 400;\"><strong><em><u>\u201eharmadik f\u00e9l\u201d:<\/u><\/em><\/strong> az a term\u00e9szetes vagy jogi szem\u00e9ly, k\u00f6zhatalmi szerv, \u00fcgyn\u00f6ks\u00e9g vagy b\u00e1rmely egy\u00e9b szerv, amely nem azonos az \u00e9rintettel, az adatkezel\u0151vel, az adatfeldolgoz\u00f3val vagy azokkal a szem\u00e9lyekkel, akik az adatkezel\u0151 vagy adatfeldolgoz\u00f3 k\u00f6zvetlen ir\u00e1ny\u00edt\u00e1sa alatt a szem\u00e9lyes adatok kezel\u00e9s\u00e9re felhatalmaz\u00e1st kaptak;<\/p><p style=\"font-weight: 400;\"><strong><em><u>\u201eaz \u00e9rintett hozz\u00e1j\u00e1rul\u00e1sa\u201d:<\/u><\/em><\/strong> az \u00e9rintett akarat\u00e1nak \u00f6nk\u00e9ntes, konkr\u00e9t \u00e9s megfelel\u0151 t\u00e1j\u00e9koztat\u00e1son alapul\u00f3 \u00e9s egy\u00e9rtelm\u0171 kinyilv\u00e1n\u00edt\u00e1sa, amellyel az \u00e9rintett nyilatkozat vagy a meger\u0151s\u00edt\u00e9st f\u00e9lre\u00e9rthetetlen\u00fcl kifejez\u0151 cselekedet \u00fatj\u00e1n jelzi, hogy beleegyez\u00e9s\u00e9t adja az \u0151t \u00e9rint\u0151 szem\u00e9lyes adatok kezel\u00e9s\u00e9hez;<\/p><p style=\"font-weight: 400;\"><strong><em><u>\u201eadatv\u00e9delmi incidens\u201d:<\/u><\/em><\/strong> a biztons\u00e1g olyan s\u00e9r\u00fcl\u00e9se, amely a tov\u00e1bb\u00edtott, t\u00e1rolt vagy m\u00e1s m\u00f3don kezelt szem\u00e9lyes adatok v\u00e9letlen vagy jogellenes megsemmis\u00edt\u00e9s\u00e9t, elveszt\u00e9s\u00e9t, megv\u00e1ltoztat\u00e1s\u00e1t, jogosulatlan k\u00f6zl\u00e9s\u00e9t vagy az azokhoz val\u00f3 jogosulatlan hozz\u00e1f\u00e9r\u00e9st eredm\u00e9nyezi;<\/p><p style=\"font-weight: 400;\"><strong><em><u>\u201etev\u00e9kenys\u00e9gi k\u00f6zpont\u201d:<\/u><\/em><\/strong><\/p><ol><li style=\"font-weight: 400;\"><em>a)<\/em> az egyn\u00e9l t\u00f6bb tag\u00e1llamban tev\u00e9kenys\u00e9gi hellyel rendelkez\u0151 adatkezel\u0151 eset\u00e9ben az Uni\u00f3n bel\u00fcli k\u00f6zponti \u00fcgyvitel\u00e9nek helye, ha azonban a szem\u00e9lyes adatok kezel\u00e9s\u00e9nek c\u00e9ljaira \u00e9s eszk\u00f6zeire vonatkoz\u00f3 d\u00f6nt\u00e9seket az adatkezel\u0151 egy Uni\u00f3n bel\u00fcli m\u00e1sik tev\u00e9kenys\u00e9gi hely\u00e9n hozz\u00e1k, \u00e9s az ut\u00f3bbi tev\u00e9kenys\u00e9gi hely rendelkezik hat\u00e1sk\u00f6rrel az eml\u00edtett d\u00f6nt\u00e9sek v\u00e9grehajtat\u00e1s\u00e1ra, az eml\u00edtett d\u00f6nt\u00e9seket meghoz\u00f3 tev\u00e9kenys\u00e9gi helyet kell tev\u00e9kenys\u00e9gi k\u00f6zpontnak tekinteni;<\/li><li style=\"font-weight: 400;\"><em>b)<\/em> az egyn\u00e9l t\u00f6bb tag\u00e1llamban tev\u00e9kenys\u00e9gi hellyel rendelkez\u0151 adatfeldolgoz\u00f3 eset\u00e9ben az Uni\u00f3n bel\u00fcli k\u00f6zponti \u00fcgyvitel\u00e9nek helye, vagy ha az adatfeldolgoz\u00f3 az Uni\u00f3ban nem rendelkezik k\u00f6zponti \u00fcgyviteli hellyel, akkor az adatfeldolgoz\u00f3nak az az Uni\u00f3n bel\u00fcli tev\u00e9kenys\u00e9gi helye, ahol az adatfeldolgoz\u00f3 tev\u00e9kenys\u00e9gi hely\u00e9n folytatott tev\u00e9kenys\u00e9gekkel \u00f6sszef\u00fcgg\u00e9sben v\u00e9gzett f\u0151 adatkezel\u00e9si tev\u00e9kenys\u00e9gek zajlanak, amennyiben az adatfeldolgoz\u00f3ra e rendelet szerint meghat\u00e1rozott k\u00f6telezetts\u00e9gek vonatkoznak;<\/li><\/ol><p style=\"font-weight: 400;\"><strong><em><u>\u201ek\u00e9pvisel\u0151\u201d:<\/u><\/em><\/strong> az az Uni\u00f3ban tev\u00e9kenys\u00e9gi hellyel, illetve lak\u00f3hellyel rendelkez\u0151 \u00e9s az adatkezel\u0151 vagy adatfeldolgoz\u00f3 \u00e1ltal a 27. cikk alapj\u00e1n \u00edr\u00e1sban megjel\u00f6lt term\u00e9szetes vagy jogi szem\u00e9ly, aki, illetve amely az adatkezel\u0151t vagy adatfeldolgoz\u00f3t k\u00e9pviseli az adatkezel\u0151re vagy adatfeldolgoz\u00f3ra az e rendelet \u00e9rtelm\u00e9ben h\u00e1rul\u00f3 k\u00f6telezetts\u00e9gek vonatkoz\u00e1s\u00e1ban;<\/p><p style=\"font-weight: 400;\"><strong><em><u>\u201ev\u00e1llalkoz\u00e1s\u201d:<\/u><\/em><\/strong> gazdas\u00e1gi tev\u00e9kenys\u00e9get folytat\u00f3 term\u00e9szetes vagy jogi szem\u00e9ly, f\u00fcggetlen\u00fcl a jogi form\u00e1j\u00e1t\u00f3l, ide\u00e9rtve a rendszeres gazdas\u00e1gi tev\u00e9kenys\u00e9get folytat\u00f3 szem\u00e9lyegyes\u00edt\u0151 t\u00e1rsas\u00e1gokat \u00e9s egyes\u00fcleteket is;<\/p><p style=\"font-weight: 400;\"><strong><em><u>\u201efel\u00fcgyeleti hat\u00f3s\u00e1g\u201d:<\/u><\/em><\/strong> egy tag\u00e1llam \u00e1ltal az 51. cikknek megfelel\u0151en l\u00e9trehozott f\u00fcggetlen k\u00f6zhatalmi szerv;<\/p><p style=\"font-weight: 400;\"><strong><em><u>\u201e\u00e9rintett fel\u00fcgyeleti hat\u00f3s\u00e1g\u201d:<\/u><\/em><\/strong> az a fel\u00fcgyeleti hat\u00f3s\u00e1g, amelyet a szem\u00e9lyes adatok kezel\u00e9se a k\u00f6vetkez\u0151 okok valamelyike alapj\u00e1n \u00e9rint:<\/p><ol><li style=\"font-weight: 400;\"><em>a)<\/em> az adatkezel\u0151 vagy az adatfeldolgoz\u00f3 az eml\u00edtett fel\u00fcgyeleti hat\u00f3s\u00e1g tag\u00e1llam\u00e1nak ter\u00fclet\u00e9n rendelkezik tev\u00e9kenys\u00e9gi hellyel;<\/li><li style=\"font-weight: 400;\"><em>b)<\/em> az adatkezel\u00e9s jelent\u0151s m\u00e9rt\u00e9kben \u00e9rinti vagy val\u00f3sz\u00edn\u0171s\u00edthet\u0151en jelent\u0151s m\u00e9rt\u00e9kben \u00e9rinti a fel\u00fcgyeleti hat\u00f3s\u00e1g tag\u00e1llam\u00e1ban lak\u00f3hellyel rendelkez\u0151 \u00e9rintetteket; vagy<\/li><li style=\"font-weight: 400;\"><em>c)<\/em> panaszt ny\u00fajtottak be az eml\u00edtett fel\u00fcgyeleti hat\u00f3s\u00e1ghoz;<\/li><\/ol><p style=\"font-weight: 400;\">\u201eszem\u00e9lyes adatok hat\u00e1rokon \u00e1tny\u00fal\u00f3 adatkezel\u00e9se\u201d:<\/p><ol><li style=\"font-weight: 400;\"><em>a)<\/em> szem\u00e9lyes adatoknak az Uni\u00f3ban megval\u00f3sul\u00f3 olyan kezel\u00e9se, amelyre az egyn\u00e9l t\u00f6bb tag\u00e1llamban tev\u00e9kenys\u00e9gi hellyel rendelkez\u0151 adatkezel\u0151 vagy adatfeldolgoz\u00f3 t\u00f6bb tag\u00e1llamban tal\u00e1lhat\u00f3 tev\u00e9kenys\u00e9gi helyein folytatott tev\u00e9kenys\u00e9gekkel \u00f6sszef\u00fcgg\u00e9sben ker\u00fcl sor; vagy<\/li><li style=\"font-weight: 400;\"><em>b)<\/em> szem\u00e9lyes adatoknak az Uni\u00f3ban megval\u00f3sul\u00f3 olyan kezel\u00e9se, amelyre az adatkezel\u0151 vagy az adatfeldolgoz\u00f3 egyetlen tev\u00e9kenys\u00e9gi hely\u00e9n folytatott tev\u00e9kenys\u00e9gekkel \u00f6sszef\u00fcgg\u00e9sben ker\u00fcl sor \u00fagy, hogy egyn\u00e9l t\u00f6bb tag\u00e1llamban jelent\u0151s m\u00e9rt\u00e9kben \u00e9rint vagy val\u00f3sz\u00edn\u0171s\u00edthet\u0151en jelent\u0151s m\u00e9rt\u00e9kben \u00e9rint \u00e9rintetteket;<\/li><\/ol><p style=\"font-weight: 400;\">\u00a0<\/p><ul><li>EGY\u00c9B FOGALMAK:<\/li><\/ul><p style=\"font-weight: 400;\"><strong><em><u>\u201eadatz\u00e1rol\u00e1s\u201d:<\/u><\/em><\/strong> az adat azonos\u00edt\u00f3 jelz\u00e9ssel ell\u00e1t\u00e1sa tov\u00e1bbi kezel\u00e9s\u00e9nek v\u00e9gleges vagy meghat\u00e1rozott id\u0151re t\u00f6rt\u00e9n\u0151 korl\u00e1toz\u00e1sa c\u00e9lj\u00e1b\u00f3l;<\/p><p style=\"font-weight: 400;\">\u00a0<\/p><p style=\"font-weight: 400;\"><strong><em><u>\u201eadatmegsemmis\u00edt\u00e9s\u201d:<\/u><\/em><\/strong> az adatokat tartalmaz\u00f3 adathordoz\u00f3 teljes fizikai megsemmis\u00edt\u00e9se, \u00edgy p\u00e9ld\u00e1ul az adatokat tartalmaz\u00f3 irat ledar\u00e1l\u00e1sa;<\/p><p style=\"font-weight: 400;\">\u00a0<\/p><p style=\"font-weight: 400;\"><strong><em><u>\u201eadat\u00e1llom\u00e1ny<\/u><\/em><\/strong><strong><em><u>:\u201d<\/u><\/em><\/strong> az egy nyilv\u00e1ntart\u00e1sban kezelt adatok \u00f6sszess\u00e9ge;<\/p><p style=\"font-weight: 400;\">\u00a0<\/p><p style=\"font-weight: 400;\"><strong><em><u>\u201e nyilv\u00e1ntart\u00e1si rendszer\u201d:<\/u><\/em><\/strong> a szem\u00e9lyes adatok b\u00e1rmely m\u00f3don \u2013 centraliz\u00e1lt, decentraliz\u00e1lt<\/p><p style=\"font-weight: 400;\">vagy funkcion\u00e1lis vagy f\u00f6ldrajzi szempontok szerint \u2013 tagolt \u00e1llom\u00e1nya, amely meghat\u00e1rozott ism\u00e9rvek alapj\u00e1n hozz\u00e1f\u00e9rhet\u0151;<\/p><p style=\"font-weight: 400;\">\u00a0<\/p><p style=\"font-weight: 400;\"><strong><em><u>\u201efelhaszn\u00e1l\u00f3\u201d<\/u><\/em><\/strong><strong><em>:<\/em><\/strong> azonos\u00edtott vagy azonos\u00edthat\u00f3 term\u00e9szetes szem\u00e9ly (\u201e\u00e9rintettek\u201d), akik ig\u00e9nybe veszi webes szolg\u00e1ltat\u00e1sunkat;<\/p><p style=\"font-weight: 400;\">\u00a0<\/p><p style=\"font-weight: 400;\"><strong><em><u>\u201emunkat\u00e1rs\u201d: <\/u><\/em><\/strong>az Adatkezel\u0151vel megb\u00edz\u00e1si-, munka- vagy egy\u00e9b jogviszonyban lev\u0151 <br \/>term\u00e9szetes szem\u00e9ly, aki az Adatkezel\u0151 szolg\u00e1ltat\u00e1sainak ell\u00e1t\u00e1snak, teljes\u00edt\u00e9s\u00e9nek <br \/>feladat\u00e1val van b\u00edzva \u00e9s adatkezel\u00e9si vagy adatfeldolgoz\u00e1si feladatai sor\u00e1n szem\u00e9lyes <br \/>adatokkal kapcsolatba ker\u00fcl vagy ker\u00fclhet \u00e9s akinek tev\u00e9kenys\u00e9g\u00e9vel kapcsolatban az <br \/>Adatkezel\u0151 teljes felel\u0151ss\u00e9get v\u00e1llal az \u00e9rintettek szem\u00e9lyi k\u00f6re \u00e9s harmadik szem\u00e9lyek <br \/>ir\u00e1ny\u00e1ban;<\/p><p style=\"font-weight: 400;\"><strong>\u00a0<\/strong><\/p><ol start=\"4\"><li style=\"font-weight: 400;\"><strong> AZ ADATKEZEL\u00c9SRE VONATKOZ\u00d3 JOGSZAB\u00c1LYOK<\/strong><\/li><\/ol><ul><li>Magyarorsz\u00e1g Alapt\u00f6rv\u00e9nye, VI. cikk;<\/li><li>A term\u00e9szetes szem\u00e9lyeknek a szem\u00e9lyes adatok kezel\u00e9s\u00e9r\u0151l sz\u00f3l\u00f3 az Eur\u00f3pai<br \/>Parlament \u00e9s a Tan\u00e1cs (EU) 2016\/679 rendelete (GDPR);<\/li><li>\u00e9vi CXII. t\u00f6rv\u00e9ny az inform\u00e1ci\u00f3s \u00f6nrendelkez\u00e9si jogr\u00f3l \u00e9s az<br \/>inform\u00e1ci\u00f3szabads\u00e1gr\u00f3l (Info tv.);<\/li><li>\u00e9vi XLVIII. t\u00f6rv\u00e9ny a gazdas\u00e1gi rekl\u00e1mtev\u00e9kenys\u00e9g alapvet\u0151 felt\u00e9teleir\u0151l \u00e9s egyes korl\u00e1tair\u00f3l<\/li><li>A Polg\u00e1ri T\u00f6rv\u00e9nyk\u00f6nyvr\u0151l sz\u00f3l\u00f3 2013. \u00e9vi V. t\u00f6rv\u00e9ny (Ptk.);<\/li><li>A sz\u00e1mvitelr\u0151l sz\u00f3l\u00f3 2000. \u00e9vi C. t\u00f6rv\u00e9ny;<\/li><li>A fogyaszt\u00f3v\u00e9delemr\u0151l sz\u00f3l\u00f3 1997. \u00e9vi CLV. t\u00f6rv\u00e9ny (Fogyv tv.);<\/li><li>A panaszokr\u00f3l \u00e9s a k\u00f6z\u00e9rdek\u0171 bejelent\u00e9sekr\u0151l sz\u00f3l\u00f3 2013. \u00e9vi CLXV. t\u00f6rv\u00e9ny. (Pktv.);<\/li><li>\u00e9vi CL. tv. az ad\u00f3z\u00e1s rendj\u00e9r\u0151l (Art.);<\/li><li>\u00e9vi CLXIV. tv. a kereskedelemr\u0151l;<\/li><li>\u00e9vi LXXXVI. tv. a szolg\u00e1ltat\u00e1si tev\u00e9kenys\u00e9g megkezd\u00e9s\u00e9nek \u00e9s folytat\u00e1s\u00e1nak \u00e1ltal\u00e1nos szab\u00e1lyair\u00f3l;<\/li><li>\u00e9vi CXIX. tv. a kutat\u00e1s \u00e9s a k\u00f6zvetlen \u00fczletszerz\u00e9s c\u00e9lj\u00e1t szolg\u00e1l\u00f3 n\u00e9v-\u00e9s lakc\u00edmadatok kezel\u00e9s\u00e9r\u0151l<\/li><\/ul><p style=\"font-weight: 400;\">\u00a0<\/p><ol start=\"5\"><li style=\"font-weight: 400;\"><strong> A T\u00c1RSAS\u00c1G \u00c1LTAL KEZELT SZEM\u00c9LYES ADATOK K\u00d6RE<\/strong><\/li><\/ol><p style=\"font-weight: 400;\">\u00a0<\/p><ol><li><strong><u>Weblapjaink l\u00e1togat\u00f3inak adatkezel\u00e9se<\/u><\/strong><\/li><\/ol><p style=\"font-weight: 400;\">A weblapjainkon tett l\u00e1togat\u00e1sok sor\u00e1n a szerver\u00fcnk a Felhaszn\u00e1l\u00f3 sz\u00e1m\u00edt\u00f3g\u00e9p\u00e9n kis adatcsomagokat (tov\u00e1bbiakban: s\u00fctik(cookie-k)), azaz egy-egy karaktersorozatot tartalmaz\u00f3 kis f\u00e1jlt helyez el. A s\u00fctik c\u00e9lja az adott oldal min\u00e9l magasabb sz\u00ednvonal\u00fa m\u0171k\u00f6d\u00e9s\u00e9nek biztos\u00edt\u00e1sa, tov\u00e1bb\u00e1 a felhaszn\u00e1l\u00f3i \u00e9lm\u00e9ny \u00e9s k\u00e9nyelem n\u00f6vel\u00e9se. A s\u00fctiket a Felhaszn\u00e1l\u00f3 k\u00e9pes t\u00f6r\u00f6lni saj\u00e1t sz\u00e1m\u00edt\u00f3g\u00e9p\u00e9r\u0151l, illetve be\u00e1ll\u00edthatja b\u00f6ng\u00e9sz\u0151j\u00e9t \u00fagy, hogy az a s\u00fctik alkalmaz\u00e1s\u00e1t tiltsa. A s\u00fctik alkalmaz\u00e1s\u00e1nak tilt\u00e1s\u00e1val a Felhaszn\u00e1l\u00f3 tudom\u00e1sul veszi, hogy s\u00fctik n\u00e9lk\u00fcl az adott oldal m\u0171k\u00f6d\u00e9se nem teljes \u00e9rt\u00e9k\u0171, tov\u00e1bb\u00e1 az oldal bizonyos funkci\u00f3i esetleg nem lesznek el\u00e9rhet\u0151k. A s\u00fctikben szem\u00e9lyes adat nem ker\u00fcl t\u00e1rol\u00e1sra. Amennyiben a Felhaszn\u00e1l\u00f3 a b\u00f6ng\u00e9sz\u0151j\u00e9ben nem tiltja le a s\u00fctik haszn\u00e1lat\u00e1t, illetve s\u00fctik alkalmaz\u00e1s\u00e1r\u00f3l sz\u00f3l\u00f3, felugr\u00f3 ablakban az \u201eElfogad\u201d felirat\u00fa gombra kattint, azzal elfogadja a s\u00fctik haszn\u00e1lat\u00e1t.<\/p><p style=\"font-weight: 400;\"><strong>Az adatkezel\u00e9s jogalapja<\/strong> 2016\/679 sz\u00e1m\u00fa \u00c1ltal\u00e1nos adatv\u00e9delmi rendelet (GDPR) 6. cikk (1) bekezd\u00e9s a) pontja alapj\u00e1n a Felhaszn\u00e1l\u00f3 hozz\u00e1j\u00e1rul\u00e1sa.<\/p><p style=\"font-weight: 400;\"><strong>Az adatkezel\u00e9s id\u0151tartama<\/strong> a honlap megtekint\u00e9s\u00e9t\u0151l sz\u00e1m\u00edtott 30 nap.<\/p><p style=\"font-weight: 400;\"><strong>\u00a0<\/strong><\/p><ol><li><strong><u>Az \u00c9rintett kapcsolat felv\u00e9tele \u00e9s kapcsolattart\u00e1sa eset\u00e9n t\u00f6rt\u00e9n\u0151 adatkezel\u00e9sek<\/u><\/strong><\/li><\/ol><p style=\"font-weight: 400;\">Az adatkezel\u00e9s c\u00e9lja, hogy a Felhasznl\u00f3 \u00e1ltal \u00f6nk\u00e9ntes c\u00e9lb\u00f3l l\u00e9trej\u00f6v\u0151 kapcsolatainak kialak\u00edt\u00e1sa, amennyiben a Felhaszn\u00e1l\u00f3 l\u00e9p kapcsolatba a weblapjainkon megadott telefonsz\u00e1mokon a(z) IQ Green Kft. munkat\u00e1rsaival.<\/p><p style=\"font-weight: 400;\"><strong>Az adatkezel\u00e9s jogalapja<\/strong> a 2016\/679 sz\u00e1m\u00fa \u00c1ltal\u00e1nos adatv\u00e9delmi rendelet (GDPR) 6. cikk (1) bekezd\u00e9s a) pontja alapj\u00e1n a Felhaszn\u00e1l\u00f3 hozz\u00e1j\u00e1rul\u00e1sa.<\/p><p style=\"font-weight: 400;\"><strong>Adatkezel\u00e9s id\u0151tartama:<\/strong> \u00d6nk\u00e9ntes hozz\u00e1j\u00e1rul\u00e1s eset\u00e9n a hozz\u00e1j\u00e1rul\u00e1s visszavon\u00e1s\u00e1ig tart.<\/p><p style=\"font-weight: 400;\">\u00a0<\/p><ol><li><strong><u>Facebook megoszt\u00e1s<\/u><\/strong><\/li><\/ol><p style=\"font-weight: 400;\">A felhaszn\u00e1l\u00f3i \u00e9lm\u00e9ny n\u00f6vel\u00e9se \u00e9rdek\u00e9ben weblapjaink haszn\u00e1lj\u00e1k a Facebook Megoszt\u00e1s gombj\u00e1t, valamint megjelen\u00edti a Facebook Page Plugint, melyek a Felhaszn\u00e1l\u00f3 \u00e1ltal felkeresett weboldalr\u00f3l, a d\u00e1tumr\u00f3l \u00e9s id\u0151pontr\u00f3l, valamint a b\u00f6ng\u00e9sz\u0151vel kapcsolatos egy\u00e9b inform\u00e1ci\u00f3kr\u00f3l adatokat gy\u0171jtenek, r\u00f6gz\u00edtenek, \u00e9s ezeket felhaszn\u00e1lj\u00e1k term\u00e9keinek tov\u00e1bbfejleszt\u00e9s\u00e9re akkor is, ha a Felhaszn\u00e1l\u00f3 nem rendelkezik Facebook-fi\u00f3kkal. A Facebookon regisztr\u00e1lt l\u00e1togat\u00f3k tev\u00e9kenys\u00e9g\u00e9t (pl. megoszt\u00e1s, oldal kedvel\u00e9se) a Facebook k\u00f6vetheti. Az \u00edgy gy\u0171jt\u00f6tt adatok kezel\u00e9s\u00e9r\u0151l az adatkezel\u0151 tud r\u00e9szletes felvil\u00e1gos\u00edt\u00e1st ny\u00fajtani a Felhaszn\u00e1l\u00f3 r\u00e9sz\u00e9re. El\u00e9rhet\u0151s\u00e9ge: https:\/\/www.facebook.com\/ about\/privacy.<\/p><p style=\"font-weight: 400;\"><strong>Az adatkezel\u00e9s jogalapja<\/strong> 2016\/679 sz\u00e1m\u00fa \u00c1ltal\u00e1nos adatv\u00e9delmi rendelet (GDPR)\u00a0 6. cikk (1) bekezd\u00e9s a) pontja alapj\u00e1n a Felhaszn\u00e1l\u00f3 hozz\u00e1j\u00e1rul\u00e1sa.<\/p><p style=\"font-weight: 400;\"><strong>Az adatkezel\u00e9s id\u0151tartama:<\/strong> \u00d6nk\u00e9ntes hozz\u00e1j\u00e1rul\u00e1s eset\u00e9n a hozz\u00e1j\u00e1rul\u00e1s visszavon\u00e1s\u00e1ig tart.<\/p><p style=\"font-weight: 400;\">\u00a0<\/p><ol><li><strong><u>A weboldalon t\u00f6rt\u00e9n\u0151 v\u00e1s\u00e1rl\u00e1s adatainak kezel\u00e9se<\/u><\/strong><\/li><\/ol><p style=\"font-weight: 400;\">\u00a0<\/p><p style=\"font-weight: 400;\"><strong>Az adatkezel\u00e9sek c\u00e9ljai<\/strong>, a Felhaszn\u00e1l\u00f3 megrendel\u00e9s\u00e9nek feldolgoz\u00e1sa, a sz\u00e1mla ki\u00e1ll\u00edt\u00e1sa \u00e9s \u00e1ru kisz\u00e1ll\u00edt\u00e1sa.<\/p><p style=\"font-weight: 400;\"><strong>Az adatkezel\u00e9s jogalapjai<\/strong><\/p><p style=\"font-weight: 400;\"><strong><em>Megrendel\u00e9s eset\u00e9n:<\/em><\/strong> A szerz\u0151d\u00e9s teljes\u00edt\u00e9se \u00e9rdek\u00e9ben sz\u00fcks\u00e9ges. GDPR 6. cikk (1) bekezd\u00e9s b) pontja szerint.<\/p><p style=\"font-weight: 400;\"><strong><em>Sz\u00e1mla ki\u00e1ll\u00edt\u00e1sa eset\u00e9n:<\/em><\/strong> Az \u00e1ltal\u00e1nos forgalmi ad\u00f3r\u00f3l sz\u00f3l\u00f3 2007. \u00e9vi CXXVII. t\u00f6rv\u00e9ny 159.\u00a7 (1) alapj\u00e1n az ad\u00f3alany k\u00f6teles a sz\u00e1mla kibocs\u00e1t\u00e1s\u00e1r\u00f3l gondoskodni.<\/p><p style=\"font-weight: 400;\"><strong><em>Az \u00e1ru kisz\u00e1ll\u00edt\u00e1sa eset\u00e9n: <\/em><\/strong>Az adatkezel\u00e9s a szerz\u0151d\u00e9s teljes\u00edt\u00e9se \u00e9rdek\u00e9ben sz\u00fcks\u00e9ges. GDPR 6. cikk (1) bekezd\u00e9s b) pontja szerint.<\/p><p style=\"font-weight: 400;\">\u00a0<\/p><p style=\"font-weight: 400;\"><strong>A kezelt adatok k\u00f6re:<\/strong><\/p><p style=\"font-weight: 400;\"><strong><em>Megrendel\u00e9s eset\u00e9n:<\/em><\/strong> Vezet\u00e9k \u00e9s keresztn\u00e9v, lakc\u00edm, telefonsz\u00e1m, email c\u00edm.<\/p><p style=\"font-weight: 400;\"><strong><em>Sz\u00e1mla ki\u00e1ll\u00edt\u00e1sa eset\u00e9n:<\/em><\/strong> Vezet\u00e9k \u00e9s keresztn\u00e9v, lakc\u00edm, telefonsz\u00e1m, email c\u00edm.<\/p><p style=\"font-weight: 400;\"><strong><em>Az \u00e1ru kisz\u00e1ll\u00edt\u00e1sa eset\u00e9n:<\/em><\/strong> Vezet\u00e9k \u00e9s keresztn\u00e9v, sz\u00e1ll\u00edt\u00e1si c\u00edm, telefonsz\u00e1m, email c\u00edm.<\/p><ol start=\"16\"><li style=\"font-weight: 400;\">\u00e9let\u00e9v\u00e9t be nem t\u00f6lt\u00f6tt gyermek a web\u00e1ruh\u00e1zainkban nem v\u00e1s\u00e1rolhat. A Felhaszn\u00e1l\u00f3 az \u00e1ru megrendel\u00e9sekor egy\u00fattal nyilatkozik arr\u00f3l, hogy elm\u00falt 16 \u00e9ves.<\/li><\/ol><p style=\"font-weight: 400;\">A GDPR 13. cikk\u00e9nek megfelelve a T\u00e1rsas\u00e1g jelen Szab\u00e1lyzat \u00fatj\u00e1n kifejezetten t\u00e1j\u00e9koztatja a Felhaszn\u00e1l\u00f3t, hogy a v\u00e1s\u00e1rl\u00e1s \u00e9s a web\u00e1ruh\u00e1z szolg\u00e1ltat\u00e1sainak ig\u00e9nybev\u00e9tel\u00e9nek felt\u00e9tele a Szab\u00e1lyzatban meghat\u00e1rozott adatok megad\u00e1sa.<\/p><p style=\"font-weight: 400;\">\u00a0<\/p><p style=\"font-weight: 400;\"><strong>Adatkezel\u00e9s id\u0151tartama:<\/strong><\/p><p style=\"font-weight: 400;\"><strong><em>Megrendel\u00e9s eset\u00e9n:<\/em><\/strong> A szerz\u0151d\u00e9s teljes\u00edt\u00e9se eset\u00e9ben a polg\u00e1ri jogi el\u00e9v\u00fcl\u00e9si id\u0151 szerint 5 \u00e9vig kezelj\u00fck adatait.<\/p><p style=\"font-weight: 400;\"><strong><em>Sz\u00e1mla ki\u00e1ll\u00edt\u00e1sa eset\u00e9n:<\/em><\/strong> a sz\u00e1mvitelr\u0151l sz\u00f3l\u00f3 2000. \u00e9vi C. t\u00f6rv\u00e9ny 169. \u00a7 (2) bekezd\u00e9se alapj\u00e1n 8 \u00e9vig k\u00f6telez\u0151 meg\u0151rizn\u00fcnk a sz\u00e1mla kibocs\u00e1t\u00e1s\u00e1hoz k\u00f6thet\u0151 adatokat.<\/p><p style=\"font-weight: 400;\"><strong><em>Az \u00e1ru kisz\u00e1ll\u00edt\u00e1sa eset\u00e9n:<\/em><\/strong> Az \u00e1ru \u00e1tv\u00e9tel\u00e9nek id\u0151tartam\u00e1ig kezelj\u00fck a sz\u00e1ll\u00edt\u00e1shoz k\u00f6thet\u0151 adatokat.<\/p><p style=\"font-weight: 400;\">\u00a0<\/p><p style=\"font-weight: 400;\"><strong>A v\u00e1s\u00e1rl\u00e1s felt\u00e9tele:<\/strong> 16. \u00e9let\u00e9v\u00e9t be nem t\u00f6lt\u00f6tt gyermek aj\u00e1nlatot a web\u00e1ruh\u00e1zon kereszt\u00fcl nem v\u00e1s\u00e1rolhat.\u00a0 A Felhaszn\u00e1l\u00f3 a hozz\u00e1j\u00e1rul\u00e1sa megad\u00e1s\u00e1val egy\u00fattal nyilatkozik arr\u00f3l, hogy elm\u00falt 16 \u00e9ves.<\/p><p style=\"font-weight: 400;\"><strong><u>\u00a0<\/u><\/strong><\/p><ol><li><strong><u>A weboldalon t\u00f6rt\u00e9n\u0151 regisztr\u00e1ci\u00f3s adatok kezel\u00e9se<\/u><\/strong><\/li><\/ol><p style=\"font-weight: 400;\"><strong>Az adatkezel\u00e9s c\u00e9lja<\/strong>, hogy a regisztr\u00e1lt felhaszn\u00e1l\u00f3knak lehet\u0151s\u00e9g\u00fck van h\u00edrlev\u00e9lre val\u00f3 feliratkoz\u00e1sra.<\/p><p style=\"font-weight: 400;\"><strong>Az adatkezel\u00e9s jogalapja<\/strong> a 2016\/679 sz\u00e1m\u00fa \u00c1ltal\u00e1nos adatv\u00e9delmi rendelet (GDPR) 6. cikk (1) bekezd\u00e9s a) pontja alapj\u00e1n az \u00e9rintett hozz\u00e1j\u00e1rul\u00e1sa.<\/p><p style=\"font-weight: 400;\"><strong>Kezelt adatok k\u00f6re: <\/strong>Felhaszn\u00e1l\u00f3n\u00e9v; jelsz\u00f3; e-mail c\u00edm<\/p><p style=\"font-weight: 400;\"><strong>Adatkezel\u00e9s id\u0151tartama:<\/strong> \u00d6nk\u00e9ntes hozz\u00e1j\u00e1rul\u00e1s eset\u00e9n a hozz\u00e1j\u00e1rul\u00e1s visszavon\u00e1s\u00e1ig tart.<\/p><p style=\"font-weight: 400;\"><strong>Regisztr\u00e1ci\u00f3 felt\u00e9tele:<\/strong> 16. \u00e9let\u00e9v\u00e9t be nem t\u00f6lt\u00f6tt gyermek a weblapon nem regisztr\u00e1lhat, h\u00edrlev\u00e9lre nem iratkozhat fel. A Felhaszn\u00e1l\u00f3 a hozz\u00e1j\u00e1rul\u00e1sa megad\u00e1s\u00e1val egy\u00fattal nyilatkozik arr\u00f3l, hogy elm\u00falt 16 \u00e9ves.<\/p><p style=\"font-weight: 400;\"><strong><u>\u00a0<\/u><\/strong><\/p><ol><li><strong><u>H\u00edrlev\u00e9l, DM tev\u00e9kenys\u00e9g<\/u><\/strong><\/li><\/ol><p style=\"font-weight: 400;\"><strong>Az adatkezel\u00e9s c\u00e9lja<\/strong> rekl\u00e1mot tartalmaz\u00f3 elektronikus \u00fczenetek (e-mail, sms, push \u00fczenet) k\u00fcld\u00e9se a Felhaszn\u00e1l\u00f3k r\u00e9sz\u00e9re. Az \u00fczenetek tartalma az, hogy t\u00e1j\u00e9koztat\u00e1st ny\u00fajtsanak az IQ Green Kft. aktu\u00e1lis akci\u00f3ir\u00f3l, aj\u00e1nlatair\u00f3l, \u00faj inform\u00e1ci\u00f3kr\u00f3l.<\/p><p style=\"font-weight: 400;\"><strong>A kezelt adatok k\u00f6re:<\/strong> Vezet\u00e9k \u00e9s keresztn\u00e9v, email c\u00edm<\/p><p style=\"font-weight: 400;\"><strong>Az adatkezel\u00e9s jogalapja:<\/strong> A gazdas\u00e1gi rekl\u00e1mtev\u00e9kenys\u00e9g alapvet\u0151 felt\u00e9teleir\u0151l \u00e9s egyes korl\u00e1tair\u00f3l sz\u00f3l\u00f3 2008. \u00e9vi XLVIII. t\u00f6rv\u00e9ny 6\u00a7-a \u00e9rtelm\u00e9ben, ha k\u00fcl\u00f6n t\u00f6rv\u00e9ny elt\u00e9r\u0151en nem rendelkezik, rekl\u00e1m term\u00e9szetes szem\u00e9lynek mint rekl\u00e1m c\u00edmzettj\u00e9nek k\u00f6zvetlen megkeres\u00e9se m\u00f3dszer\u00e9vel (a tov\u00e1bbiakban: k\u00f6zvetlen \u00fczletszerz\u00e9s), \u00edgy k\u00fcl\u00f6n\u00f6sen elektronikus levelez\u00e9s vagy azzal egyen\u00e9rt\u00e9k\u0171 m\u00e1s egy\u00e9ni kommunik\u00e1ci\u00f3s eszk\u00f6z \u00fatj\u00e1n kiz\u00e1r\u00f3lag akkor k\u00f6z\u00f6lhet\u0151, ha ahhoz a rekl\u00e1m c\u00edmzettje el\u0151zetesen egy\u00e9rtelm\u0171en \u00e9s kifejezetten hozz\u00e1j\u00e1rult. A c\u00edmzett rekl\u00e1mk\u00fcldem\u00e9ny term\u00e9szetes szem\u00e9ly mint a rekl\u00e1m c\u00edmzettje r\u00e9sz\u00e9re k\u00f6zvetlen \u00fczletszerz\u00e9s \u00fatj\u00e1n a c\u00edmzett el\u0151zetes \u00e9s kifejezett hozz\u00e1j\u00e1rul\u00e1s\u00e1nak hi\u00e1ny\u00e1ban is k\u00fcldhet\u0151, a rekl\u00e1moz\u00f3 \u00e9s a rekl\u00e1mszolg\u00e1ltat\u00f3 azonban k\u00f6teles biztos\u00edtani, hogy a rekl\u00e1m c\u00edmzettje a rekl\u00e1m k\u00fcld\u00e9s\u00e9t b\u00e1rmikor ingyenesen \u00e9s korl\u00e1toz\u00e1s n\u00e9lk\u00fcl megtilthassa. Megtilt\u00e1s eset\u00e9n az \u00e9rintett szem\u00e9ly r\u00e9sz\u00e9re rekl\u00e1m k\u00f6zvetlen \u00fczletszerz\u00e9s \u00fatj\u00e1n a tov\u00e1bbiakban nem k\u00fcldhet\u0151.<\/p><p style=\"font-weight: 400;\"><strong>Adatkezel\u00e9s id\u0151tartama:<\/strong> \u00d6nk\u00e9ntes hozz\u00e1j\u00e1rul\u00e1s eset\u00e9n a hozz\u00e1j\u00e1rul\u00e1s visszavon\u00e1s\u00e1ig tart.<\/p><p style=\"font-weight: 400;\">\u00a0<\/p><ol><li><strong><u>A garanci\u00e1lis \u00fcgyint\u00e9z\u00e9ssel kapcsolatos adatkezel\u00e9s<\/u><\/strong><\/li><\/ol><p style=\"font-weight: 400;\"><strong>Az adatkezel\u00e9s c\u00e9lja<\/strong>, a garanci\u00e1lis panaszok kezel\u00e9se.<\/p><p style=\"font-weight: 400;\"><strong>Kezelt adatok k\u00f6re<\/strong>: n\u00e9v; e-mail c\u00edm, telefonsz\u00e1m, a panasz tartalma<\/p><p style=\"font-weight: 400;\"><strong>Az adatkezel\u00e9s jogalapja<\/strong> a fogyaszt\u00f3v\u00e9delemr\u0151l sz\u00f3l\u00f3 1997. \u00e9vi CLV. t\u00f6rv\u00e9ny (Fogyv tv.).<\/p><p style=\"font-weight: 400;\"><strong>Az adatkezel\u00e9s id\u0151tartama: <\/strong>A fogyaszt\u00f3v\u00e9delemr\u0151l sz\u00f3l\u00f3 t\u00f6rv\u00e9ny alapj\u00e1n 5 \u00e9v.<\/p><p style=\"font-weight: 400;\">\u00a0<\/p><ol><li><strong><u>Fogyaszt\u00f3v\u00e9delmi panaszokkal kapcsolatos adatkezel\u00e9s<\/u><\/strong><\/li><\/ol><p style=\"font-weight: 400;\"><strong>Az adatkezel\u00e9s c\u00e9lja<\/strong>, a fogyaszt\u00f3v\u00e9delmi panaszok kezel\u00e9se.<\/p><p style=\"font-weight: 400;\"><strong>Kezelt adatok k\u00f6re<\/strong>: n\u00e9v; e-mail c\u00edm, telefonsz\u00e1m, a panasz tartalma<\/p><p style=\"font-weight: 400;\"><strong>Az adatkezel\u00e9s jogalapja<\/strong> a fogyaszt\u00f3v\u00e9delemr\u0151l sz\u00f3l\u00f3 1997. \u00e9vi CLV. t\u00f6rv\u00e9ny (Fogyv tv.).<\/p><p style=\"font-weight: 400;\"><strong>Az adatkezel\u00e9s id\u0151tartama: <\/strong>A fogyaszt\u00f3v\u00e9delemr\u0151l sz\u00f3l\u00f3 t\u00f6rv\u00e9ny alapj\u00e1n 5 \u00e9v.<\/p><p style=\"font-weight: 400;\">\u00a0<\/p><ol><li><strong><u>Remarketinggel kapcsolatos adatkezel\u00e9s<\/u><\/strong><\/li><\/ol><p style=\"font-weight: 400;\"><strong>Az adatkezel\u00e9s c\u00e9lja<\/strong>, remarketing tev\u00e9kenys\u00e9g, amely s\u00fctik (cookie-k) seg\u00edts\u00e9g\u00e9vel val\u00f3sul meg.<\/p><p style=\"font-weight: 400;\"><strong>Kezelt adatok k\u00f6re:<\/strong> A s\u00fcti (cookie) t\u00e1j\u00e9koztat\u00f3ban meghat\u00e1rozott adatok.<\/p><p style=\"font-weight: 400;\"><strong>Az adatkezel\u00e9s jogalapja<\/strong> a 2016\/679 sz\u00e1m\u00fa \u00c1ltal\u00e1nos adatv\u00e9delmi rendelet (GDPR) 6. cikk (1) bekezd\u00e9s a) pontja alapj\u00e1n az \u00e9rintett hozz\u00e1j\u00e1rul\u00e1sa.<\/p><p style=\"font-weight: 400;\"><strong>Az adatkezel\u00e9s id\u0151tartama: <\/strong>Az adott s\u00fcti (cookie) adatt\u00e1rol\u00e1si id\u0151tartama:<\/p><p style=\"font-weight: 400;\"><strong>\u00a0<\/strong><\/p><p style=\"font-weight: 400;\"><a href=\"https:\/\/policies.google.com\/technologies\/types?hl=hu\">https:\/\/policies.google.com\/technologies\/types?hl=hu<\/a><\/p><p style=\"font-weight: 400;\">\u00a0<\/p><p style=\"font-weight: 400;\"><a href=\"https:\/\/developers.google.com\/analytics\/devguides\/collection\/analyticsjs\/cookie-usage\">https:\/\/developers.google.com\/analytics\/devguides\/collection\/analyticsjs\/cookie-usage<\/a><\/p><p style=\"font-weight: 400;\">\u00a0<\/p><p style=\"font-weight: 400;\"><a href=\"https:\/\/hu-hu.facebook.com\/policies\/cookies\/\">https:\/\/hu-hu.facebook.com\/policies\/cookies\/<\/a><\/p><p style=\"font-weight: 400;\">\u00a0<\/p><p style=\"font-weight: 400;\"><a href=\"https:\/\/hu-hu.facebook.com\/help\/instagram\/155833707900388\/\">https:\/\/hu-hu.facebook.com\/help\/instagram\/155833707900388\/<\/a><\/p><p style=\"font-weight: 400;\">\u00a0<\/p><p style=\"font-weight: 400;\"><a href=\"https:\/\/support.google.com\/youtube\/answer\/2801895?hl=hu\">https:\/\/support.google.com\/youtube\/answer\/2801895?hl=hu<\/a><\/p><p style=\"font-weight: 400;\">\u00a0<\/p><ol start=\"6\"><li style=\"font-weight: 400;\"><strong> \u00a0\u00a0\u00a0 TECHNIKAI ADATOK<\/strong><\/li><\/ol><p style=\"font-weight: 400;\">A rendszer m\u0171k\u00f6d\u00e9se sor\u00e1n r\u00f6gz\u00edt\u00e9sre ker\u00fcl\u0151 technikai adatok a bejelentkez\u0151 Felhaszn\u00e1l\u00f3 sz\u00e1m\u00edt\u00f3g\u00e9p\u00e9nek azon adatai, melyek a szolg\u00e1ltat\u00e1s ig\u00e9nybe v\u00e9tele sor\u00e1n gener\u00e1l\u00f3dnak \u00e9s melyeket az IQ Green Kft. rendszere a technikai folyamatok automatikus eredm\u00e9nyek\u00e9nt r\u00f6gz\u00edt. Az automatikusan r\u00f6gz\u00edt\u00e9sre ker\u00fcl\u0151 adatokat a rendszer a Felhaszn\u00e1l\u00f3 k\u00fcl\u00f6n nyilatkozata vagy cselekm\u00e9nye n\u00e9lk\u00fcl a bel\u00e9p\u00e9skor, illetve kil\u00e9p\u00e9skor automatikusan napl\u00f3zza. Ezen adatok kiz\u00e1r\u00f3lag informatikai fejleszt\u00e9si c\u00e9lokat szolg\u00e1lnak, magyarorsz\u00e1gi t\u00e1rhelyen ker\u00fclnek t\u00e1rol\u00e1sra. A rendszer m\u0171k\u00f6d\u00e9se sor\u00e1n automatikusan, technikailag r\u00f6gz\u00edt\u00e9sre ker\u00fcl\u0151 adatok a gener\u00e1l\u00f3d\u00e1sukt\u00f3l sz\u00e1m\u00edtva a rendszer m\u0171k\u00f6d\u00e9s\u00e9nek biztos\u00edt\u00e1sa szempontj\u00e1b\u00f3l indokolt id\u0151tartamig ker\u00fclnek t\u00e1rol\u00e1sra a rendszerben. A T\u00e1rsas\u00e1g biztos\u00edtja, hogy ezen, automatikusan r\u00f6gz\u00edtett adatok egy\u00e9b Felhaszn\u00e1l\u00f3i szem\u00e9lyes adatokkal \u2013 a t\u00f6rv\u00e9ny \u00e1ltal k\u00f6telez\u0151v\u00e9 tett esetek kiv\u00e9tel\u00e9vel \u2013 \u00f6ssze nem kapcsolhat\u00f3k. Ha a Felhaszn\u00e1l\u00f3 szem\u00e9lyes adatainak kezel\u00e9s\u00e9hez adott hozz\u00e1j\u00e1rul\u00e1s\u00e1t megsz\u00fcntette, vagy a szolg\u00e1ltat\u00e1sr\u00f3l leiratkozott, \u00fagy ezt k\u00f6vet\u0151en a technikai adatokr\u00f3l az \u0151 szem\u00e9lye nem lesz beazonos\u00edthat\u00f3. A rendszeradatok tekintet\u00e9ben a T\u00e1rhelyszolg\u00e1ltat\u00f3 adatv\u00e9delmi szab\u00e1lyzata az ir\u00e1nyad\u00f3.<\/p><p style=\"font-weight: 400;\">\u00a0<\/p><ol start=\"7\"><li style=\"font-weight: 400;\"><strong> AZ ADATOKAT MEGISMER\u0150 SZEM\u00c9LYEK K\u00d6RE, ADATTOV\u00c1BB\u00cdT\u00c1S, ADATFELDOLGOZ\u00c1S<\/strong><\/li><li>Az adatokat els\u0151dlegesen a(z) Animalfeed Kft. \u00fcgyvezet\u0151je valamint bels\u0151 munkat\u00e1rsai jogosultak megismerni, azonban azokat nem teszik k\u00f6zz\u00e9, harmadik szem\u00e9ly r\u00e9sz\u00e9re nem adj\u00e1k \u00e1t, csak a b) pont alatt felsorolt esetekben. (Ez al\u00f3l kiv\u00e9telt k\u00e9pez, ha b\u00edr\u00f3s\u00e1g vagy hat\u00f3s\u00e1g hat\u00e1rozat\u00e1ban k\u00f6telezi c\u00e9g\u00fcnket az adat tov\u00e1bb\u00edt\u00e1s\u00e1ra.)<\/li><li>C\u00e9g\u00fcnk az \u00e1ltalunk kezelt szem\u00e9lyes adatokat jellemz\u0151en maga dolgozza fel, azonban a megrendel\u00e9s teljes\u00edt\u00e9se, az informatikai rendszer \u00fczemeltet\u00e9se, az elsz\u00e1mol\u00e1s rendez\u00e9se k\u00f6r\u00e9ben k\u00fcls\u0151 adatfeldolgoz\u00f3t (pl. k\u00f6nyvel\u0151, fut\u00e1rszolg\u00e1lat) vehet ig\u00e9nybe.<\/li><\/ol><p style=\"font-weight: 400;\">\u00a0<\/p><p style=\"font-weight: 400;\">A(z) IQ Green Kft. jogosult \u00e9s k\u00f6teles minden olyan rendelkez\u00e9s\u00e9re \u00e1ll\u00f3 \u00e9s \u00e1ltala szab\u00e1lyszer\u0171en t\u00e1rolt szem\u00e9lyes adatot az illet\u00e9kes hat\u00f3s\u00e1goknak tov\u00e1bb\u00edtani, amely adat tov\u00e1bb\u00edt\u00e1s\u00e1ra \u0151t jogszab\u00e1ly vagy joger\u0151s hat\u00f3s\u00e1gi k\u00f6telez\u00e9s k\u00f6telezi. Ilyen adattov\u00e1bb\u00edt\u00e1s, valamint az ebb\u0151l sz\u00e1rmaz\u00f3 k\u00f6vetkezm\u00e9nyek miatt c\u00e9g\u00fcnk nem tehet\u0151 felel\u0151ss\u00e9.<\/p><ol start=\"8\"><li style=\"font-weight: 400;\"><strong> A FELHASZN\u00c1L\u00d3 JOGAI \u00c9S JOG\u00c9RV\u00c9NYES\u00cdT\u00c9SI LEHET\u0150S\u00c9GEK<\/strong><\/li><\/ol><p style=\"font-weight: 400;\">Szem\u00e9lyes adatainak kezel\u00e9s\u00e9r\u0151l a Felhaszn\u00e1l\u00f3 a(z) IQ Green Kft.-t\u0151l b\u00e1rmikor \u00edr\u00e1sban, az c\u00e9g c\u00edm\u00e9re (9200 Mosonmagyar\u00f3v\u00e1r, Ligetsor 52\/1.) k\u00fcld\u00f6tt aj\u00e1nlott vagy t\u00e9rtivev\u00e9nyes-aj\u00e1nlott lev\u00e9lben, illetve a green@iqgreen.hu c\u00edmre k\u00fcld\u00f6tt e\u2011mailben t\u00e1j\u00e9koztat\u00e1st k\u00e9rhet. E\u2011mailben k\u00fcld\u00f6tt t\u00e1j\u00e9koztat\u00e1sk\u00e9r\u00e9st csak akkor tekintj\u00fck hitelesnek, ha azt a Felhaszn\u00e1l\u00f3 regisztr\u00e1lt e\u2011mail c\u00edm\u00e9r\u0151l k\u00fcldik. A t\u00e1j\u00e9koztat\u00e1sk\u00e9r\u00e9s kiterjedhet a Felhaszn\u00e1l\u00f3nak a(z) IQ Green Kft. \u00e1ltal kezelt adataira, azok forr\u00e1s\u00e1ra, az adatkezel\u00e9s c\u00e9lj\u00e1ra, jogalapj\u00e1ra, id\u0151tartam\u00e1ra, az esetleges adatfeldolgoz\u00f3k nev\u00e9re \u00e9s c\u00edm\u00e9re, az adatkezel\u00e9ssel \u00f6sszef\u00fcgg\u0151 tev\u00e9kenys\u00e9gekre, valamint a szem\u00e9lyes adatoknak tov\u00e1bb\u00edt\u00e1sa eset\u00e9n arra, hogy kik \u00e9s milyen c\u00e9lb\u00f3l kapt\u00e1k vagy kapj\u00e1k meg Felhaszn\u00e1l\u00f3 adatait. Tov\u00e1bb\u00e1 jogszab\u00e1lyban meghat\u00e1rozott esetekben k\u00e9rheti adatai helyesb\u00edt\u00e9s\u00e9t, t\u00f6rl\u00e9s\u00e9t, z\u00e1rol\u00e1s\u00e1t vagy kezel\u00e9s\u00e9nek korl\u00e1toz\u00e1s\u00e1t, \u00e9s tiltakozhat az ilyen szem\u00e9lyes adatok kezel\u00e9se ellen.<\/p><ol><li>A Felhaszn\u00e1l\u00f3 elektronikus form\u00e1ban arra vonatkoz\u00f3an tett k\u00e9relm\u00e9re, hogy szem\u00e9lyes adatainak kezel\u00e9se folyamatban van-e, a(z) IQ Green Kft. az adatkezel\u00e9s t\u00e1rgy\u00e1t k\u00e9pez\u0151 szem\u00e9lyes adatok m\u00e1solat\u00e1t elektronikus \u00faton ingyenesen a Felhaszn\u00e1l\u00f3 rendelkez\u00e9s\u00e9re bocs\u00e1tjuk. A Felhaszn\u00e1l\u00f3 a web\u00e1ruh\u00e1zban automatikusan let\u00f6ltheti szem\u00e9lyes adatainak m\u00e1solat\u00e1t. A Felhaszn\u00e1l\u00f3 k\u00e9r\u00e9s\u00e9re a(z) IQ Green Kft. helyesb\u00edti a Felhaszn\u00e1l\u00f3ra vonatkoz\u00f3 pontatlan szem\u00e9lyes adatokat, vagy hi\u00e1ny eset\u00e9n kieg\u00e9sz\u00edti azokat. A k\u00e9relmet \u00edr\u00e1sban, a <a href=\"mailto:green@iqgreen.hu\">green@iqgreen.hu<\/a> e-mail c\u00edmre k\u00fcld\u00f6tt elektronikus lev\u00e9lben vagy a 9200 Mosonmagyar\u00f3v\u00e1r, Ligetsor 52\/1. sz\u00e1m\u00fa c\u00edmre k\u00fcld\u00f6tt lev\u00e9lben ny\u00fajthatja be.<\/li><li>A Felhaszn\u00e1l\u00f3 k\u00e9r\u00e9s\u00e9re a(z) IQ Green Kft. t\u00f6rli a Felhaszn\u00e1l\u00f3ra vonatkoz\u00f3 szem\u00e9lyes adatokat, amennyiben a szem\u00e9lyes adatokra m\u00e1r nincs sz\u00fcks\u00e9g abb\u00f3l a c\u00e9lb\u00f3l, amelyb\u0151l azokat gy\u0171jt\u00f6tt\u00fck, kezelt\u00fck, vagy a Felhaszn\u00e1l\u00f3 visszavonja az adatkezel\u00e9s alapj\u00e1t k\u00e9pez\u0151 hozz\u00e1j\u00e1rul\u00e1s\u00e1t, \u00e9s az adatkezel\u00e9snek nincs m\u00e1s jogalapja, vagy a Felhaszn\u00e1l\u00f3 tiltakozik az adatkezel\u00e9se ellen, \u00e9s nincs els\u0151bbs\u00e9get \u00e9lvez\u0151 jogszer\u0171 ok az adatkezel\u00e9sre, vagy a szem\u00e9lyes adatokat jogellenesen kezelt\u00fck. A k\u00e9relmet \u00edr\u00e1sban, a <a href=\"mailto:green@iqgreen.hu\">green@iqgreen.hu<\/a> e-mail c\u00edmre k\u00fcld\u00f6tt elektronikus lev\u00e9lben vagy a 9200 Mosonmagyar\u00f3v\u00e1r, Ligetsor 52\/1. sz\u00e1m\u00fa c\u00edmre k\u00fcld\u00f6tt lev\u00e9lben ny\u00fajthatja be.<\/li><li>Szem\u00e9lyes adat t\u00f6rl\u00e9s\u00e9re vagy m\u00f3dos\u00edt\u00e1s\u00e1ra ir\u00e1nyul\u00f3 ig\u00e9ny teljes\u00edt\u00e9s\u00e9t k\u00f6vet\u0151en a kor\u00e1bbi (t\u00f6r\u00f6lt, m\u00f3dos\u00edtott) adatok m\u00e1r nem tudjuk helyre\u00e1ll\u00edtani.<\/li><li>A Felhaszn\u00e1l\u00f3 t\u00f6rl\u00e9sre ir\u00e1nyul\u00f3 k\u00e9relm\u00e9r\u0151l \u2013 ha ig\u00e9nyli \u2013 a(z) IQ Green Kft. igyekszik \u00e9rtes\u00edteni minden olyan adatfeldolgoz\u00f3t, aki a Felhaszn\u00e1l\u00f3 esetlegesen nyilv\u00e1noss\u00e1gra ker\u00fclt adatait megismerte, illetve megismerhette.<\/li><li>A Felhaszn\u00e1l\u00f3 k\u00e9r\u00e9s\u00e9re a(z) IQ Green Kft. korl\u00e1tozza a Felhaszn\u00e1l\u00f3 a szem\u00e9lyes adatainak a kezel\u00e9s\u00e9t, amennyiben a szem\u00e9lyes adatok pontoss\u00e1ga vitatott, vagy jogellenes az adatkezel\u00e9s, vagy a Felhaszn\u00e1l\u00f3 tiltakozik az adatkezel\u00e9s ellen, illetve ha a(z) IQ Green Kft.-nek nincsen sz\u00fcks\u00e9ge a tov\u00e1bbiakban a megadott szem\u00e9lyes adatokra. A k\u00e9relmet \u00edr\u00e1sban, a <a href=\"mailto:green@iqgreen.hu\">green@iqgreen.hu<\/a> e-mail c\u00edmre k\u00fcld\u00f6tt elektronikus lev\u00e9lben vagy a 9200 Mosonmagyar\u00f3v\u00e1r, Ligetsor 52\/1sz\u00e1m\u00fa c\u00edmre k\u00fcld\u00f6tt lev\u00e9lben ny\u00fajthatja be.<\/li><li>A(z) IQ Green Kft. a Felhaszn\u00e1l\u00f3nak a szem\u00e9lyes adatainak helyesb\u00edt\u00e9sr\u0151l, kieg\u00e9sz\u00edt\u00e9s\u00e9r\u0151l, t\u00f6rl\u00e9sr\u0151l vagy adatkezel\u00e9s-korl\u00e1toz\u00e1s\u00e1r\u00f3l sz\u00f3l\u00f3, \u00edr\u00e1sbeli k\u00e9relme beny\u00fajt\u00e1s\u00e1t\u00f3l sz\u00e1m\u00edtott legr\u00f6videbb id\u0151n bel\u00fcl, de legfeljebb 30 nap \u2013 tiltakoz\u00e1s eset\u00e9n 15 nap \u2013 alatt megvizsg\u00e1lja, \u00e9s annak megalapozotts\u00e1ga k\u00e9rd\u00e9s\u00e9ben d\u00f6nt\u00e9st hoz, amelyr\u0151l a Felhaszn\u00e1l\u00f3t \u00edr\u00e1sban t\u00e1j\u00e9koztatja. E\u2011mail eset\u00e9ben a k\u00e9zhezv\u00e9tel id\u0151pontj\u00e1nak az elk\u00fcld\u00e9st k\u00f6vet\u0151 els\u0151 munkanapot kell tekinteni. Ha a(z) IQ Green Kft. a Felhaszn\u00e1l\u00f3 k\u00e9relm\u00e9t nem teljes\u00edti, d\u00f6nt\u00e9s\u00e9ben k\u00f6zli a k\u00e9relem elutas\u00edt\u00e1s\u00e1nak t\u00e9nybeli \u00e9s jogi indokait a Felhaszn\u00e1l\u00f3val.<\/li><li>A Felhaszn\u00e1l\u00f3 a Polg\u00e1ri T\u00f6rv\u00e9nyk\u00f6nyvr\u0151l sz\u00f3l\u00f3 2013. \u00e9vi V. t\u00f6rv\u00e9ny alapj\u00e1n b\u00edr\u00f3s\u00e1g el\u0151tt \u00e9rv\u00e9nyes\u00edtheti jogait, valamint az Infotv.-ben foglaltak szerint a Nemzeti Adatv\u00e9delmi \u00e9s Inform\u00e1ci\u00f3szabads\u00e1g Hat\u00f3s\u00e1ghoz (1055 Budapest, Falk Miksa u. 9-11.; levelez\u00e9si c\u00edme: 1374 Budapest, Pf. 603.; https:\/\/www.naih.hu) fordulhat \u00e9s panaszt tehet.<\/li><li style=\"font-weight: 400;\"><strong> EGY\u00c9B RENDELKEZ\u00c9SEK<\/strong><\/li><li>A(z) IQ Green Kft. a Felhaszn\u00e1l\u00f3 aktivit\u00e1s\u00e1r\u00f3l adatokat gy\u0171jthet, melyek nem kapcsolhat\u00f3k \u00f6ssze a Felhaszn\u00e1l\u00f3 \u00e1ltal a regisztr\u00e1ci\u00f3kor megadott egy\u00e9b adatokkal, sem m\u00e1s honlapok vagy szolg\u00e1ltat\u00e1sok ig\u00e9nybev\u00e9telekor keletkez\u0151 adatokkal.<\/li><li>Ha a(z) IQ Green Kft. a szolg\u00e1ltatott adatokat az eredeti adatfelv\u00e9tel c\u00e9lj\u00e1t\u00f3l elt\u00e9r\u0151 c\u00e9lra k\u00edv\u00e1nja felhaszn\u00e1lni, akkor err\u0151l a Felhaszn\u00e1l\u00f3t t\u00e1j\u00e9koztatja, \u00e9s ehhez el\u0151zetes, kifejezett hozz\u00e1j\u00e1rul\u00e1s\u00e1t megszerzi, illet\u0151leg lehet\u0151s\u00e9get biztos\u00edt sz\u00e1m\u00e1ra, hogy a felhaszn\u00e1l\u00e1st megtiltsa.<\/li><li>A(z) IQ Green Kft. k\u00f6telezi mag\u00e1t arra, hogy gondoskodjon az adatok biztons\u00e1g\u00e1r\u00f3l, megteszi tov\u00e1bb\u00e1 azokat a technikai int\u00e9zked\u00e9seket, amelyek biztos\u00edtj\u00e1k, hogy a felvett, t\u00e1rolt, illetve kezelt adatok v\u00e9dettek legyenek, illet\u0151leg mindent megtesz annak \u00e9rdek\u00e9ben, hogy megakad\u00e1lyozza azok megsemmis\u00fcl\u00e9s\u00e9t, jogosulatlan felhaszn\u00e1l\u00e1s\u00e1t \u00e9s jogosulatlan megv\u00e1ltoztat\u00e1s\u00e1t.<\/li><li>A(z) IQ Green Kft. a felel\u0151ss\u00e9g\u00e9be tartoz\u00f3an v\u00e9gzett adatkezel\u00e9si tev\u00e9kenys\u00e9gekr\u0151l nyilv\u00e1ntart\u00e1st vezet (adatkezel\u00e9si tev\u00e9kenys\u00e9g nyilv\u00e1ntart\u00e1sa) a GDPR 30. cikk\u00e9nek megfelel\u0151en.<\/li><li>Adatv\u00e9delmi incidens a biztons\u00e1g olyan s\u00e9r\u00fcl\u00e9se, amely a kezelt szem\u00e9lyes adatok v\u00e9letlen vagy jogellenes megsemmis\u00edt\u00e9s\u00e9t, elveszt\u00e9s\u00e9t, megv\u00e1ltoztat\u00e1s\u00e1t, jogosulatlan k\u00f6zl\u00e9s\u00e9t vagy az azokhoz val\u00f3 jogosulatlan hozz\u00e1f\u00e9r\u00e9st eredm\u00e9nyezi. Adatv\u00e9delmi incidens eset\u00e9n a(z) IQ Green Kft. a GDPR 33. \u00e9s 34. cikkei szerint j\u00e1r el. A(z) IQ Green Kft. nyilv\u00e1ntartja az adatv\u00e9delmi incidenseket, felt\u00fcntetve az adatv\u00e9delmi incidenshez kapcsol\u00f3d\u00f3 t\u00e9nyeket, annak hat\u00e1sait \u00e9s az orvosl\u00e1s\u00e1ra tett int\u00e9zked\u00e9seket.<\/li><li>A(z) IQ Green Kft. b\u00e1rmikor jogosult jelen Szab\u00e1lyzatot egyoldal\u00faan m\u00f3dos\u00edtani. A m\u00f3dos\u00edt\u00e1sokr\u00f3l a Felhaszn\u00e1l\u00f3t megfelel\u0151 m\u00f3don (e-mailen kereszt\u00fcl vagy a web\u00e1ruh\u00e1z fel\u00fclet\u00e9n bel\u00e9p\u00e9skor felugr\u00f3 ablakban) t\u00e1j\u00e9koztatja. A szolg\u00e1ltat\u00e1sok tov\u00e1bbi felhaszn\u00e1l\u00e1s\u00e1val a Felhaszn\u00e1l\u00f3 a megv\u00e1ltozott adatkezel\u00e9si szab\u00e1lyokat tudom\u00e1sul veszi.<\/li><\/ol><p style=\"font-weight: 400;\"><strong>\u00a0<\/strong><\/p><p style=\"font-weight: 400;\"><strong>Mosonmagyar\u00f3v\u00e1r,2024.09.25. <\/strong><\/p><p style=\"font-weight: 400;\"><strong>\u00a0\u00a0\u00a0\u00a0\u00a0\u00a0\u00a0\u00a0\u00a0\u00a0\u00a0\u00a0\u00a0 Nagy Lajos <\/strong><\/p><p style=\"font-weight: 400;\"><strong>\u00a0\u00a0\u00a0\u00a0\u00a0\u00a0\u00a0\u00a0\u00a0 \u00a0\u00a0\u00a0\u00a0\u00a0\u00a0\u00a0\u00a0\u00a0\u00a0\u00a0\u00a0\u00a0\u00a0\u00a0\u00a0\u00a0\u00a0\u00a0\u00a0\u00a0\u00a0\u00a0\u00a0\u00a0\u00a0\u00a0\u00a0\u00a0\u00a0\u00a0\u00a0\u00a0\u00a0\u00a0\u00a0\u00a0\u00a0\u00a0\u00a0\u00a0\u00a0\u00a0\u00a0\u00a0\u00a0\u00a0\u00a0\u00a0\u00a0\u00a0\u00a0\u00a0\u00a0\u00a0\u00a0\u00a0\u00a0\u00a0\u00a0\u00a0\u00a0\u00a0\u00a0\u00a0\u00a0\u00a0\u00a0\u00a0\u00a0\u00a0\u00a0\u00a0\u00a0\u00a0\u00a0\u00a0\u00a0\u00a0\u00a0\u00a0\u00a0\u00a0\u00a0\u00a0\u00a0\u00a0\u00a0\u00a0\u00a0\u00a0\u00a0\u00a0\u00a0\u00a0\u00a0\u00a0 \u00a0\u00a0\u00fcgyvezet\u0151<\/strong><\/p><p style=\"font-weight: 400;\">\u00a0<\/p><p style=\"font-weight: 400;\">\u00a0<\/p><p style=\"font-weight: 400;\">\u00a0<\/p>\t\t\t\t\t\t<\/div>\n\t\t\t\t<\/div>\n\t\t\t\t\t<\/div>\n\t\t<\/div>\n\t\t\t\t\t<\/div>\n\t\t<\/section>\n\t\t\t\t<\/div>","protected":false},"excerpt":{"rendered":"<p>ADATKEZEL\u00c9SI T\u00c1J\u00c9KOZTAT\u00d3 \u00a0 A SZAB\u00c1LYZAT C\u00c9LJA A(z) IQ Green Kft. mint adatkezel\u0151 a jelen adatkezel\u00e9si t\u00e1j\u00e9koztat\u00f3ban ismerteti az \u00e1ltala alkalmazott adatv\u00e9delmi \u00e9s adatkezel\u00e9si elveket valamint az adatv\u00e9delmi \u00e9s adatkezel\u00e9si politik\u00e1j\u00e1t. A(z) IQ Green Kft. az \u00e1ltala ny\u00fajtott szolg\u00e1ltat\u00e1sok minden ter\u00fclet\u00e9n, tiszteletben tartja a term\u00e9szetes szem\u00e9lyek szem\u00e9lyes adatainak kezel\u00e9s\u00e9vel \u00f6sszef\u00fcgg\u0151 \u00e9s &hellip;<\/p>","protected":false},"author":3,"featured_media":0,"parent":0,"menu_order":0,"comment_status":"closed","ping_status":"closed","template":"","meta":{"footnotes":""},"class_list":["post-1593","page","type-page","status-publish","hentry"],"yoast_head":"<!-- This site is optimized with the Yoast SEO plugin v23.1 - https:\/\/yoast.com\/wordpress\/plugins\/seo\/ -->\n<title>Adatkezel\u00e9si t\u00e1j\u00e9koztat\u00f3 - IQgreen - \u00dajrahasznos\u00edtott term\u00e9kek kereskedelme<\/title>\n<meta name=\"robots\" content=\"index, follow, max-snippet:-1, max-image-preview:large, max-video-preview:-1\" \/>\n<link rel=\"canonical\" href=\"https:\/\/iqgreen.hu\/en\/elementor-1593\/\" \/>\n<meta property=\"og:locale\" content=\"en_US\" \/>\n<meta property=\"og:type\" content=\"article\" \/>\n<meta property=\"og:title\" content=\"Adatkezel\u00e9si t\u00e1j\u00e9koztat\u00f3 - IQgreen - \u00dajrahasznos\u00edtott term\u00e9kek kereskedelme\" \/>\n<meta property=\"og:description\" content=\"ADATKEZEL\u00c9SI T\u00c1J\u00c9KOZTAT\u00d3 \u00a0 A SZAB\u00c1LYZAT C\u00c9LJA A(z) IQ Green Kft. mint adatkezel\u0151 a jelen adatkezel\u00e9si t\u00e1j\u00e9koztat\u00f3ban ismerteti az \u00e1ltala alkalmazott adatv\u00e9delmi \u00e9s adatkezel\u00e9si elveket valamint az adatv\u00e9delmi \u00e9s adatkezel\u00e9si politik\u00e1j\u00e1t. A(z) IQ Green Kft. az \u00e1ltala ny\u00fajtott szolg\u00e1ltat\u00e1sok minden ter\u00fclet\u00e9n, tiszteletben tartja a term\u00e9szetes szem\u00e9lyek szem\u00e9lyes adatainak kezel\u00e9s\u00e9vel \u00f6sszef\u00fcgg\u0151 \u00e9s &hellip;\" \/>\n<meta property=\"og:url\" content=\"https:\/\/iqgreen.hu\/en\/elementor-1593\/\" \/>\n<meta property=\"og:site_name\" content=\"IQgreen - \u00dajrahasznos\u00edtott term\u00e9kek kereskedelme\" \/>\n<meta property=\"article:modified_time\" content=\"2024-11-08T11:29:52+00:00\" \/>\n<meta name=\"twitter:card\" content=\"summary_large_image\" \/>\n<meta name=\"twitter:label1\" content=\"Est. reading time\" \/>\n\t<meta name=\"twitter:data1\" content=\"18 minutes\" \/>\n<script type=\"application\/ld+json\" class=\"yoast-schema-graph\">{\"@context\":\"https:\/\/schema.org\",\"@graph\":[{\"@type\":\"WebPage\",\"@id\":\"https:\/\/iqgreen.hu\/elementor-1593\/\",\"url\":\"https:\/\/iqgreen.hu\/elementor-1593\/\",\"name\":\"Adatkezel\u00e9si t\u00e1j\u00e9koztat\u00f3 - IQgreen - \u00dajrahasznos\u00edtott term\u00e9kek kereskedelme\",\"isPartOf\":{\"@id\":\"https:\/\/iqgreen.hu\/#website\"},\"datePublished\":\"2024-11-08T11:24:02+00:00\",\"dateModified\":\"2024-11-08T11:29:52+00:00\",\"breadcrumb\":{\"@id\":\"https:\/\/iqgreen.hu\/elementor-1593\/#breadcrumb\"},\"inLanguage\":\"en-US\",\"potentialAction\":[{\"@type\":\"ReadAction\",\"target\":[\"https:\/\/iqgreen.hu\/elementor-1593\/\"]}]},{\"@type\":\"BreadcrumbList\",\"@id\":\"https:\/\/iqgreen.hu\/elementor-1593\/#breadcrumb\",\"itemListElement\":[{\"@type\":\"ListItem\",\"position\":1,\"name\":\"Kezd\u0151lap\",\"item\":\"https:\/\/iqgreen.hu\/\"},{\"@type\":\"ListItem\",\"position\":2,\"name\":\"Adatkezel\u00e9si t\u00e1j\u00e9koztat\u00f3\"}]},{\"@type\":\"WebSite\",\"@id\":\"https:\/\/iqgreen.hu\/#website\",\"url\":\"https:\/\/iqgreen.hu\/\",\"name\":\"IQgreen - \u00dajrahasznos\u00edtott term\u00e9kek kereskedelme\",\"description\":\"M\u0171anyag term\u00e9kek kereskedelme, KPE \u00e9s csepegtet\u0151 cs\u00f6vek, WPC deszk\u00e1zat \u00e9s kieg\u00e9sz\u00edt\u0151k, Belt\u00e9ri \u00e9s k\u00fclt\u00e9ri m\u0171anyag lapok\",\"publisher\":{\"@id\":\"https:\/\/iqgreen.hu\/#organization\"},\"potentialAction\":[{\"@type\":\"SearchAction\",\"target\":{\"@type\":\"EntryPoint\",\"urlTemplate\":\"https:\/\/iqgreen.hu\/?s={search_term_string}\"},\"query-input\":\"required name=search_term_string\"}],\"inLanguage\":\"en-US\"},{\"@type\":\"Organization\",\"@id\":\"https:\/\/iqgreen.hu\/#organization\",\"name\":\"IQgreen Kft.\",\"url\":\"https:\/\/iqgreen.hu\/\",\"logo\":{\"@type\":\"ImageObject\",\"inLanguage\":\"en-US\",\"@id\":\"https:\/\/iqgreen.hu\/#\/schema\/logo\/image\/\",\"url\":\"https:\/\/iqgreen.hu\/wp-content\/uploads\/2025\/08\/cropped-IQ-Green-3.png\",\"contentUrl\":\"https:\/\/iqgreen.hu\/wp-content\/uploads\/2025\/08\/cropped-IQ-Green-3.png\",\"width\":500,\"height\":144,\"caption\":\"IQgreen Kft.\"},\"image\":{\"@id\":\"https:\/\/iqgreen.hu\/#\/schema\/logo\/image\/\"}}]}<\/script>\n<!-- \/ Yoast SEO plugin. -->","yoast_head_json":{"title":"Adatkezel\u00e9si t\u00e1j\u00e9koztat\u00f3 - IQgreen - \u00dajrahasznos\u00edtott term\u00e9kek kereskedelme","robots":{"index":"index","follow":"follow","max-snippet":"max-snippet:-1","max-image-preview":"max-image-preview:large","max-video-preview":"max-video-preview:-1"},"canonical":"https:\/\/iqgreen.hu\/en\/elementor-1593\/","og_locale":"en_US","og_type":"article","og_title":"Adatkezel\u00e9si t\u00e1j\u00e9koztat\u00f3 - IQgreen - \u00dajrahasznos\u00edtott term\u00e9kek kereskedelme","og_description":"ADATKEZEL\u00c9SI T\u00c1J\u00c9KOZTAT\u00d3 \u00a0 A SZAB\u00c1LYZAT C\u00c9LJA A(z) IQ Green Kft. mint adatkezel\u0151 a jelen adatkezel\u00e9si t\u00e1j\u00e9koztat\u00f3ban ismerteti az \u00e1ltala alkalmazott adatv\u00e9delmi \u00e9s adatkezel\u00e9si elveket valamint az adatv\u00e9delmi \u00e9s adatkezel\u00e9si politik\u00e1j\u00e1t. A(z) IQ Green Kft. az \u00e1ltala ny\u00fajtott szolg\u00e1ltat\u00e1sok minden ter\u00fclet\u00e9n, tiszteletben tartja a term\u00e9szetes szem\u00e9lyek szem\u00e9lyes adatainak kezel\u00e9s\u00e9vel \u00f6sszef\u00fcgg\u0151 \u00e9s &hellip;","og_url":"https:\/\/iqgreen.hu\/en\/elementor-1593\/","og_site_name":"IQgreen - \u00dajrahasznos\u00edtott term\u00e9kek kereskedelme","article_modified_time":"2024-11-08T11:29:52+00:00","twitter_card":"summary_large_image","twitter_misc":{"Est. reading time":"18 minutes"},"schema":{"@context":"https:\/\/schema.org","@graph":[{"@type":"WebPage","@id":"https:\/\/iqgreen.hu\/elementor-1593\/","url":"https:\/\/iqgreen.hu\/elementor-1593\/","name":"Adatkezel\u00e9si t\u00e1j\u00e9koztat\u00f3 - IQgreen - \u00dajrahasznos\u00edtott term\u00e9kek kereskedelme","isPartOf":{"@id":"https:\/\/iqgreen.hu\/#website"},"datePublished":"2024-11-08T11:24:02+00:00","dateModified":"2024-11-08T11:29:52+00:00","breadcrumb":{"@id":"https:\/\/iqgreen.hu\/elementor-1593\/#breadcrumb"},"inLanguage":"en-US","potentialAction":[{"@type":"ReadAction","target":["https:\/\/iqgreen.hu\/elementor-1593\/"]}]},{"@type":"BreadcrumbList","@id":"https:\/\/iqgreen.hu\/elementor-1593\/#breadcrumb","itemListElement":[{"@type":"ListItem","position":1,"name":"Kezd\u0151lap","item":"https:\/\/iqgreen.hu\/"},{"@type":"ListItem","position":2,"name":"Adatkezel\u00e9si t\u00e1j\u00e9koztat\u00f3"}]},{"@type":"WebSite","@id":"https:\/\/iqgreen.hu\/#website","url":"https:\/\/iqgreen.hu\/","name":"IQgreen - \u00dajrahasznos\u00edtott term\u00e9kek kereskedelme","description":"M\u0171anyag term\u00e9kek kereskedelme, KPE \u00e9s csepegtet\u0151 cs\u00f6vek, WPC deszk\u00e1zat \u00e9s kieg\u00e9sz\u00edt\u0151k, Belt\u00e9ri \u00e9s k\u00fclt\u00e9ri m\u0171anyag lapok","publisher":{"@id":"https:\/\/iqgreen.hu\/#organization"},"potentialAction":[{"@type":"SearchAction","target":{"@type":"EntryPoint","urlTemplate":"https:\/\/iqgreen.hu\/?s={search_term_string}"},"query-input":"required name=search_term_string"}],"inLanguage":"en-US"},{"@type":"Organization","@id":"https:\/\/iqgreen.hu\/#organization","name":"IQgreen Kft.","url":"https:\/\/iqgreen.hu\/","logo":{"@type":"ImageObject","inLanguage":"en-US","@id":"https:\/\/iqgreen.hu\/#\/schema\/logo\/image\/","url":"https:\/\/iqgreen.hu\/wp-content\/uploads\/2025\/08\/cropped-IQ-Green-3.png","contentUrl":"https:\/\/iqgreen.hu\/wp-content\/uploads\/2025\/08\/cropped-IQ-Green-3.png","width":500,"height":144,"caption":"IQgreen Kft."},"image":{"@id":"https:\/\/iqgreen.hu\/#\/schema\/logo\/image\/"}}]}},"_links":{"self":[{"href":"https:\/\/iqgreen.hu\/en\/wp-json\/wp\/v2\/pages\/1593","targetHints":{"allow":["GET"]}}],"collection":[{"href":"https:\/\/iqgreen.hu\/en\/wp-json\/wp\/v2\/pages"}],"about":[{"href":"https:\/\/iqgreen.hu\/en\/wp-json\/wp\/v2\/types\/page"}],"author":[{"embeddable":true,"href":"https:\/\/iqgreen.hu\/en\/wp-json\/wp\/v2\/users\/3"}],"replies":[{"embeddable":true,"href":"https:\/\/iqgreen.hu\/en\/wp-json\/wp\/v2\/comments?post=1593"}],"version-history":[{"count":11,"href":"https:\/\/iqgreen.hu\/en\/wp-json\/wp\/v2\/pages\/1593\/revisions"}],"predecessor-version":[{"id":1605,"href":"https:\/\/iqgreen.hu\/en\/wp-json\/wp\/v2\/pages\/1593\/revisions\/1605"}],"wp:attachment":[{"href":"https:\/\/iqgreen.hu\/en\/wp-json\/wp\/v2\/media?parent=1593"}],"curies":[{"name":"wp","href":"https:\/\/api.w.org\/{rel}","templated":true}]}}